{"id":521,"date":"2023-05-19T08:25:40","date_gmt":"2023-05-19T08:25:40","guid":{"rendered":"https:\/\/hotelcannero.ms2.decms.eu\/?page_id=521"},"modified":"2023-05-19T08:26:03","modified_gmt":"2023-05-19T08:26:03","slug":"activites-culturelles-liees-a-la-fois-a-leau-et-a-la-terre","status":"publish","type":"page","link":"https:\/\/www.hotelcannero.com\/fr\/territoire-et-activites\/activites-culturelles-liees-a-la-fois-a-leau-et-a-la-terre\/","title":{"rendered":"Activit\u00e9s culturelles li\u00e9es \u00e0 la fois \u00e0 l&rsquo;eau et \u00e0 la terre"},"content":{"rendered":"<ul>\n<li>Il existe de nombreux jardins botaniques \u00e0 visiter dans le Haut Verbano tels que Villa Taranto, Isola Madre, Villa Pallavicino Zoo Park pour ne citer que les plus c\u00e9l\u00e8bres. Lors d&rsquo;occasions particuli\u00e8res, comme la f\u00eate des agrumes Cannero Riviera ou l&rsquo;exposition Cam\u00e9lia d\u00e9sormais organis\u00e9e dans de nombreux lieux autour du lac, il est \u00e9galement possible de visiter de petits jardins priv\u00e9s ouverts pour l&rsquo;occasion. Beaucoup de ces jardins sont accessibles en bateau ou en bateaux priv\u00e9s.<\/li>\n<li>Les mus\u00e9es d&rsquo;Isola Bella rassemblent le patrimoine artistique de la famille Borromeo tandis qu&rsquo;au Mus\u00e9e du Paysage de Pallanza, vous pourrez d\u00e9couvrir l&rsquo;activit\u00e9 artistique la plus r\u00e9cente de notre R\u00e9gion. De petits mus\u00e9es tels que le mus\u00e9e ethnographique et du pinceau de Cannero Riviera, le mus\u00e9e du chapeau de Ghiffa ou le mus\u00e9e tactile de Trarego Viggiona peuvent \u00eatre visit\u00e9s et racontent l&rsquo;histoire de l&rsquo;activit\u00e9 industrielle sur le lac de la fin du XIXe au milieu du XXe si\u00e8cle et la vie des populations locales.<\/li>\n<\/ul>\n","protected":false},"excerpt":{"rendered":"<p>Il existe de nombreux jardins botaniques \u00e0 visiter dans le Haut Verbano tels que Villa Taranto, Isola Madre, Villa Pallavicino Zoo Park pour ne citer que les plus c\u00e9l\u00e8bres. Lors d&rsquo;occasions particuli\u00e8res, comme la f\u00eate des agrumes Cannero Riviera ou l&rsquo;exposition Cam\u00e9lia d\u00e9sormais organis\u00e9e dans de nombreux lieux autour du lac, il est \u00e9galement possible [&hellip;]<\/p>\n","protected":false},"author":26,"featured_media":0,"parent":392,"menu_order":30,"comment_status":"closed","ping_status":"closed","template":"template-default-2.php","meta":{"footnotes":""},"yoast_head":"<!-- This site is optimized with the Yoast SEO plugin v22.3 - https:\/\/yoast.com\/wordpress\/plugins\/seo\/ -->\n<title>Activit\u00e9s culturelles li\u00e9es \u00e0 la fois \u00e0 l&#039;eau et \u00e0 la terre &#183; Hotel Cannero &#183;<\/title>\n<meta name=\"description\" content=\"Il existe de nombreux jardins botaniques \u00e0 visiter dans le Haut Verbano tels que Villa Taranto, Isola Madre, Villa Pallavicino Zoo Park pour ne citer que les plus c\u00e9l\u00e8bres. Lors d&#039;occasions particuli\u00e8res, comme la f\u00eate des agrumes Cannero Riviera ou l&#039;exposition Cam\u00e9lia d\u00e9sormais organis\u00e9e dans de nombreux lieux autour du lac, il est \u00e9galement possible de visiter de petits jardins priv\u00e9s ouverts pour l&#039;occasion\" \/>\n<meta name=\"robots\" content=\"index, follow, max-snippet:-1, max-image-preview:large, max-video-preview:-1\" \/>\n<link rel=\"canonical\" href=\"https:\/\/www.hotelcannero.com\/fr\/territoire-et-activites\/activites-culturelles-liees-a-la-fois-a-leau-et-a-la-terre\/\" \/>\n<meta property=\"og:locale\" content=\"fr_FR\" \/>\n<meta property=\"og:type\" content=\"article\" \/>\n<meta property=\"og:title\" content=\"Activit\u00e9s culturelles li\u00e9es \u00e0 la fois \u00e0 l&#039;eau et \u00e0 la terre &#183; Hotel Cannero &#183;\" \/>\n<meta property=\"og:description\" content=\"Il existe de nombreux jardins botaniques \u00e0 visiter dans le Haut Verbano tels que Villa Taranto, Isola Madre, Villa Pallavicino Zoo Park pour ne citer que les plus c\u00e9l\u00e8bres. Lors d&#039;occasions particuli\u00e8res, comme la f\u00eate des agrumes Cannero Riviera ou l&#039;exposition Cam\u00e9lia d\u00e9sormais organis\u00e9e dans de nombreux lieux autour du lac, il est \u00e9galement possible de visiter de petits jardins priv\u00e9s ouverts pour l&#039;occasion\" \/>\n<meta property=\"og:url\" content=\"https:\/\/www.hotelcannero.com\/fr\/territoire-et-activites\/activites-culturelles-liees-a-la-fois-a-leau-et-a-la-terre\/\" \/>\n<meta property=\"og:site_name\" content=\"Hotel Cannero\" \/>\n<meta property=\"article:modified_time\" content=\"2023-05-19T08:26:03+00:00\" \/>\n<meta name=\"twitter:card\" content=\"summary_large_image\" \/>\n<meta name=\"twitter:label1\" content=\"Dur\u00e9e de lecture estim\u00e9e\" \/>\n\t<meta name=\"twitter:data1\" content=\"1 minute\" \/>\n<script type=\"application\/ld+json\" class=\"yoast-schema-graph\">{\"@context\":\"https:\/\/schema.org\",\"@graph\":[{\"@type\":\"WebPage\",\"@id\":\"https:\/\/www.hotelcannero.com\/fr\/territoire-et-activites\/activites-culturelles-liees-a-la-fois-a-leau-et-a-la-terre\/\",\"url\":\"https:\/\/www.hotelcannero.com\/fr\/territoire-et-activites\/activites-culturelles-liees-a-la-fois-a-leau-et-a-la-terre\/\",\"name\":\"Activit\u00e9s culturelles li\u00e9es \u00e0 la fois \u00e0 l'eau et \u00e0 la terre &#183; Hotel Cannero &#183;\",\"isPartOf\":{\"@id\":\"https:\/\/www.hotelcannero.com\/fr\/#website\"},\"datePublished\":\"2023-05-19T08:25:40+00:00\",\"dateModified\":\"2023-05-19T08:26:03+00:00\",\"description\":\"\u2022 Il existe de nombreux jardins botaniques \u00e0 visiter dans le Haut Verbano tels que Villa Taranto, Isola Madre, Villa Pallavicino Zoo Park pour ne citer que les plus c\u00e9l\u00e8bres. Lors d'occasions particuli\u00e8res, comme la f\u00eate des agrumes Cannero Riviera ou l'exposition Cam\u00e9lia d\u00e9sormais organis\u00e9e dans de nombreux lieux autour du lac, il est \u00e9galement possible de visiter de petits jardins priv\u00e9s ouverts pour l'occasion\",\"breadcrumb\":{\"@id\":\"https:\/\/www.hotelcannero.com\/fr\/territoire-et-activites\/activites-culturelles-liees-a-la-fois-a-leau-et-a-la-terre\/#breadcrumb\"},\"inLanguage\":\"fr-FR\",\"potentialAction\":[{\"@type\":\"ReadAction\",\"target\":[\"https:\/\/www.hotelcannero.com\/fr\/territoire-et-activites\/activites-culturelles-liees-a-la-fois-a-leau-et-a-la-terre\/\"]}]},{\"@type\":\"BreadcrumbList\",\"@id\":\"https:\/\/www.hotelcannero.com\/fr\/territoire-et-activites\/activites-culturelles-liees-a-la-fois-a-leau-et-a-la-terre\/#breadcrumb\",\"itemListElement\":[{\"@type\":\"ListItem\",\"position\":1,\"name\":\"Home\",\"item\":\"https:\/\/www.hotelcannero.com\/fr\/\"},{\"@type\":\"ListItem\",\"position\":2,\"name\":\"Territoire et Activit\u00e9s\",\"item\":\"https:\/\/www.hotelcannero.com\/fr\/territoire-et-activites\/\"},{\"@type\":\"ListItem\",\"position\":3,\"name\":\"Activit\u00e9s culturelles li\u00e9es \u00e0 la fois \u00e0 l&rsquo;eau et \u00e0 la terre\"}]},{\"@type\":\"WebSite\",\"@id\":\"https:\/\/www.hotelcannero.com\/fr\/#website\",\"url\":\"https:\/\/www.hotelcannero.com\/fr\/\",\"name\":\"Hotel Cannero\",\"description\":\"\",\"potentialAction\":[{\"@type\":\"SearchAction\",\"target\":{\"@type\":\"EntryPoint\",\"urlTemplate\":\"https:\/\/www.hotelcannero.com\/fr\/?s={search_term_string}\"},\"query-input\":\"required name=search_term_string\"}],\"inLanguage\":\"fr-FR\"}]}<\/script>\n<!-- \/ Yoast SEO plugin. -->","yoast_head_json":{"title":"Activit\u00e9s culturelles li\u00e9es \u00e0 la fois \u00e0 l'eau et \u00e0 la terre &#183; Hotel Cannero &#183;","description":"Il existe de nombreux jardins botaniques \u00e0 visiter dans le Haut Verbano tels que Villa Taranto, Isola Madre, Villa Pallavicino Zoo Park pour ne citer que les plus c\u00e9l\u00e8bres. Lors d'occasions particuli\u00e8res, comme la f\u00eate des agrumes Cannero Riviera ou l'exposition Cam\u00e9lia d\u00e9sormais organis\u00e9e dans de nombreux lieux autour du lac, il est \u00e9galement possible de visiter de petits jardins priv\u00e9s ouverts pour l'occasion","robots":{"index":"index","follow":"follow","max-snippet":"max-snippet:-1","max-image-preview":"max-image-preview:large","max-video-preview":"max-video-preview:-1"},"canonical":"https:\/\/www.hotelcannero.com\/fr\/territoire-et-activites\/activites-culturelles-liees-a-la-fois-a-leau-et-a-la-terre\/","og_locale":"fr_FR","og_type":"article","og_title":"Activit\u00e9s culturelles li\u00e9es \u00e0 la fois \u00e0 l'eau et \u00e0 la terre &#183; Hotel Cannero &#183;","og_description":"Il existe de nombreux jardins botaniques \u00e0 visiter dans le Haut Verbano tels que Villa Taranto, Isola Madre, Villa Pallavicino Zoo Park pour ne citer que les plus c\u00e9l\u00e8bres. Lors d'occasions particuli\u00e8res, comme la f\u00eate des agrumes Cannero Riviera ou l'exposition Cam\u00e9lia d\u00e9sormais organis\u00e9e dans de nombreux lieux autour du lac, il est \u00e9galement possible de visiter de petits jardins priv\u00e9s ouverts pour l'occasion","og_url":"https:\/\/www.hotelcannero.com\/fr\/territoire-et-activites\/activites-culturelles-liees-a-la-fois-a-leau-et-a-la-terre\/","og_site_name":"Hotel Cannero","article_modified_time":"2023-05-19T08:26:03+00:00","twitter_card":"summary_large_image","twitter_misc":{"Dur\u00e9e de lecture estim\u00e9e":"1 minute"},"schema":{"@context":"https:\/\/schema.org","@graph":[{"@type":"WebPage","@id":"https:\/\/www.hotelcannero.com\/fr\/territoire-et-activites\/activites-culturelles-liees-a-la-fois-a-leau-et-a-la-terre\/","url":"https:\/\/www.hotelcannero.com\/fr\/territoire-et-activites\/activites-culturelles-liees-a-la-fois-a-leau-et-a-la-terre\/","name":"Activit\u00e9s culturelles li\u00e9es \u00e0 la fois \u00e0 l'eau et \u00e0 la terre &#183; Hotel Cannero &#183;","isPartOf":{"@id":"https:\/\/www.hotelcannero.com\/fr\/#website"},"datePublished":"2023-05-19T08:25:40+00:00","dateModified":"2023-05-19T08:26:03+00:00","description":"\u2022 Il existe de nombreux jardins botaniques \u00e0 visiter dans le Haut Verbano tels que Villa Taranto, Isola Madre, Villa Pallavicino Zoo Park pour ne citer que les plus c\u00e9l\u00e8bres. Lors d'occasions particuli\u00e8res, comme la f\u00eate des agrumes Cannero Riviera ou l'exposition Cam\u00e9lia d\u00e9sormais organis\u00e9e dans de nombreux lieux autour du lac, il est \u00e9galement possible de visiter de petits jardins priv\u00e9s ouverts pour l'occasion","breadcrumb":{"@id":"https:\/\/www.hotelcannero.com\/fr\/territoire-et-activites\/activites-culturelles-liees-a-la-fois-a-leau-et-a-la-terre\/#breadcrumb"},"inLanguage":"fr-FR","potentialAction":[{"@type":"ReadAction","target":["https:\/\/www.hotelcannero.com\/fr\/territoire-et-activites\/activites-culturelles-liees-a-la-fois-a-leau-et-a-la-terre\/"]}]},{"@type":"BreadcrumbList","@id":"https:\/\/www.hotelcannero.com\/fr\/territoire-et-activites\/activites-culturelles-liees-a-la-fois-a-leau-et-a-la-terre\/#breadcrumb","itemListElement":[{"@type":"ListItem","position":1,"name":"Home","item":"https:\/\/www.hotelcannero.com\/fr\/"},{"@type":"ListItem","position":2,"name":"Territoire et Activit\u00e9s","item":"https:\/\/www.hotelcannero.com\/fr\/territoire-et-activites\/"},{"@type":"ListItem","position":3,"name":"Activit\u00e9s culturelles li\u00e9es \u00e0 la fois \u00e0 l&rsquo;eau et \u00e0 la terre"}]},{"@type":"WebSite","@id":"https:\/\/www.hotelcannero.com\/fr\/#website","url":"https:\/\/www.hotelcannero.com\/fr\/","name":"Hotel Cannero","description":"","potentialAction":[{"@type":"SearchAction","target":{"@type":"EntryPoint","urlTemplate":"https:\/\/www.hotelcannero.com\/fr\/?s={search_term_string}"},"query-input":"required name=search_term_string"}],"inLanguage":"fr-FR"}]}},"acf":[],"_links":{"self":[{"href":"https:\/\/www.hotelcannero.com\/fr\/wp-json\/wp\/v2\/pages\/521"}],"collection":[{"href":"https:\/\/www.hotelcannero.com\/fr\/wp-json\/wp\/v2\/pages"}],"about":[{"href":"https:\/\/www.hotelcannero.com\/fr\/wp-json\/wp\/v2\/types\/page"}],"author":[{"embeddable":true,"href":"https:\/\/www.hotelcannero.com\/fr\/wp-json\/wp\/v2\/users\/26"}],"replies":[{"embeddable":true,"href":"https:\/\/www.hotelcannero.com\/fr\/wp-json\/wp\/v2\/comments?post=521"}],"version-history":[{"count":0,"href":"https:\/\/www.hotelcannero.com\/fr\/wp-json\/wp\/v2\/pages\/521\/revisions"}],"up":[{"embeddable":true,"href":"https:\/\/www.hotelcannero.com\/fr\/wp-json\/wp\/v2\/pages\/392"}],"wp:attachment":[{"href":"https:\/\/www.hotelcannero.com\/fr\/wp-json\/wp\/v2\/media?parent=521"}],"curies":[{"name":"wp","href":"https:\/\/api.w.org\/{rel}","templated":true}]}}